{"version":"1.0","provider_name":"Pord\u00f3\u017cuj z Kretem Filipem","provider_url":"https:\/\/certyfikat.okiemmamy.pl\/krecik","author_name":"admin","author_url":"https:\/\/certyfikat.okiemmamy.pl\/krecik\/author\/admin\/","title":"Kto kryje si\u0119 za projektem? - Pord\u00f3\u017cuj z Kretem Filipem","type":"rich","width":600,"height":338,"html":"<blockquote class=\"wp-embedded-content\" data-secret=\"qTPYxqlf6O\"><a href=\"https:\/\/certyfikat.okiemmamy.pl\/krecik\/kto-kryje-sie-za-projektem\/\">Kto kryje si\u0119 za projektem?<\/a><\/blockquote><iframe sandbox=\"allow-scripts\" security=\"restricted\" src=\"https:\/\/certyfikat.okiemmamy.pl\/krecik\/kto-kryje-sie-za-projektem\/embed\/#?secret=qTPYxqlf6O\" width=\"600\" height=\"338\" title=\"&#8222;Kto kryje si\u0119 za projektem?&#8221; &#8212; Pord\u00f3\u017cuj z Kretem Filipem\" data-secret=\"qTPYxqlf6O\" frameborder=\"0\" marginwidth=\"0\" marginheight=\"0\" scrolling=\"no\" class=\"wp-embedded-content\"><\/iframe><script type=\"text\/javascript\">\n\/*! This file is auto-generated *\/\n!function(c,l){\"use strict\";var e=!1,o=!1;if(l.querySelector)if(c.addEventListener)e=!0;if(c.wp=c.wp||{},c.wp.receiveEmbedMessage);else if(c.wp.receiveEmbedMessage=function(e){var t=e.data;if(!t);else if(!(t.secret||t.message||t.value));else if(\/[^a-zA-Z0-9]\/.test(t.secret));else{for(var r,s,a,i=l.querySelectorAll('iframe[data-secret=\"'+t.secret+'\"]'),n=l.querySelectorAll('blockquote[data-secret=\"'+t.secret+'\"]'),o=0;o<n.length;o++)n[o].style.display=\"none\";for(o=0;o<i.length;o++)if(r=i[o],e.source!==r.contentWindow);else{if(r.removeAttribute(\"style\"),\"height\"===t.message){if(1e3<(s=parseInt(t.value,10)))s=1e3;else if(~~s<200)s=200;r.height=s}if(\"link\"===t.message)if(s=l.createElement(\"a\"),a=l.createElement(\"a\"),s.href=r.getAttribute(\"src\"),a.href=t.value,a.host===s.host)if(l.activeElement===r)c.top.location.href=t.value}}},e)c.addEventListener(\"message\",c.wp.receiveEmbedMessage,!1),l.addEventListener(\"DOMContentLoaded\",t,!1),c.addEventListener(\"load\",t,!1);function t(){if(o);else{o=!0;for(var e,t,r,s=-1!==navigator.appVersion.indexOf(\"MSIE 10\"),a=!!navigator.userAgent.match(\/Trident.*rv:11\\.\/),i=l.querySelectorAll(\"iframe.wp-embedded-content\"),n=0;n<i.length;n++){if(!(r=(t=i[n]).getAttribute(\"data-secret\")))r=Math.random().toString(36).substr(2,10),t.src+=\"#?secret=\"+r,t.setAttribute(\"data-secret\",r);if(s||a)(e=t.cloneNode(!0)).removeAttribute(\"security\"),t.parentNode.replaceChild(e,t);t.contentWindow.postMessage({message:\"ready\",secret:r},\"*\")}}}}(window,document);\n<\/script>\n","description":"Pomys\u0142 i realizacja Bajki do audiobooka s\u0105 autorskim pomys\u0142em mam blogerek, kt\u00f3re s\u0105\u00a0ambasadorkami akcji Certyfikaty OkiemMamy Miejsca Przyjazne\u00a0Rodzinie z Dzie\u0107mi.\u00a0Wsp\u00f3lnymi si\u0142ami postanowi\u0142y\u015bmy stworzy\u0107 opowie\u015b\u0107 o podr\u00f3\u017cniku\u00a0krecie Filipie i Jasiu, kt\u00f3ry nie chce i\u015b\u0107 do przedszkola.\u00a0Filip, opieraj\u0105c si\u0119 na swoim do\u015bwiadczeniu zwi\u0105zanym z podr\u00f3\u017cami,\u00a0pr\u00f3buje przekona\u0107 Jasia, \u017ce nauka czytania czy liczenia, kt\u00f3ra\u00a0rozpoczyna si\u0119 w przedszkolu jest [&hellip;]","thumbnail_url":"http:\/\/certyfikat.okiemmamy.pl\/krecik\/wp-content\/uploads\/2016\/07\/MCH_0233-200x300.jpg"}