{"id":48,"date":"2016-07-14T10:45:59","date_gmt":"2016-07-14T10:45:59","guid":{"rendered":"http:\/\/certyfikat.okiemmamy.pl\/krecik\/?page_id=48"},"modified":"2016-12-04T22:25:29","modified_gmt":"2016-12-04T20:25:29","slug":"kto-kryje-sie-za-projektem","status":"publish","type":"page","link":"https:\/\/certyfikat.okiemmamy.pl\/krecik\/kto-kryje-sie-za-projektem\/","title":{"rendered":"Kto kryje si\u0119 za projektem?"},"content":{"rendered":"<p><strong>Pomys\u0142 i realizacja<\/strong><br \/>\nBajki do audiobooka s\u0105 autorskim pomys\u0142em mam blogerek, kt\u00f3re s\u0105\u00a0ambasadorkami akcji <a href=\"http:\/\/www.certyfikat.okiemmamy.pl\/\" target=\"_blank\"><strong>Certyfikaty OkiemMamy Miejsca Przyjazne\u00a0Rodzinie z Dzie\u0107mi.<\/strong><\/a>\u00a0Wsp\u00f3lnymi si\u0142ami postanowi\u0142y\u015bmy stworzy\u0107 opowie\u015b\u0107 o podr\u00f3\u017cniku\u00a0krecie Filipie i Jasiu, kt\u00f3ry nie chce i\u015b\u0107 do przedszkola.\u00a0Filip, opieraj\u0105c si\u0119 na swoim do\u015bwiadczeniu zwi\u0105zanym z podr\u00f3\u017cami,\u00a0pr\u00f3buje przekona\u0107 Jasia, \u017ce nauka czytania czy liczenia, kt\u00f3ra\u00a0rozpoczyna si\u0119 w przedszkolu jest bardzo wa\u017cna w codziennym \u017cyciu.<\/p>\n<p>Realizacj\u0119 audiobooka rozpocz\u0119\u0142y\u015bmy od napisania samodzielnie\u00a0bajek, a nast\u0119pnie nagrania ich.<\/p>\n<p>Audiobook zawiera wyj\u0105tkowe ilustracje, kt\u00f3re przygotowa\u0142a dla\u00a0nas <a href=\"http:\/\/brzozowska.net\/\" target=\"_blank\"><strong>Ewa Brzozowska.<\/strong><\/a><\/p>\n<p>Korekt\u0105 bajek zaj\u0119\u0142a si\u0119 <a href=\"http:\/\/myslownicelife.blogspot.com\/\" target=\"_blank\"><strong>Wioletta\u00a0Le\u015bk\u00f3w Cyrulik<\/strong><\/a><\/p>\n<p>Realizacj\u0105 d\u017awi\u0119ku zaj\u0105\u0142 si\u0119 <a href=\"http:\/\/mixtrack.eu\/\" target=\"_blank\"><strong>Bartosz Seredyn<\/strong><\/a><\/p>\n<table>\n<tbody>\n<tr>\n<td style=\"text-align: center;\"><img loading=\"lazy\" class=\"size-medium wp-image-52 aligncenter\" src=\"http:\/\/certyfikat.okiemmamy.pl\/krecik\/wp-content\/uploads\/2016\/07\/MCH_0233-200x300.jpg\" alt=\"MCH_0233\" width=\"200\" height=\"300\" srcset=\"https:\/\/certyfikat.okiemmamy.pl\/krecik\/wp-content\/uploads\/2016\/07\/MCH_0233-200x300.jpg 200w, https:\/\/certyfikat.okiemmamy.pl\/krecik\/wp-content\/uploads\/2016\/07\/MCH_0233-600x902.jpg 600w, https:\/\/certyfikat.okiemmamy.pl\/krecik\/wp-content\/uploads\/2016\/07\/MCH_0233-768x1154.jpg 768w, https:\/\/certyfikat.okiemmamy.pl\/krecik\/wp-content\/uploads\/2016\/07\/MCH_0233-681x1024.jpg 681w\" sizes=\"(max-width: 200px) 100vw, 200px\" \/><\/p>\n<p><strong>Ania Go\u0142\u0119biewska<\/strong><br \/>\nwww.okiemmamy.pl<\/td>\n<td style=\"text-align: center;\"><\/td>\n<td style=\"text-align: center;\"><img loading=\"lazy\" class=\"size-medium wp-image-55 aligncenter\" src=\"http:\/\/certyfikat.okiemmamy.pl\/krecik\/wp-content\/uploads\/2016\/07\/Marta_fb-200x300.jpg\" alt=\"Marta_fb\" width=\"200\" height=\"300\" srcset=\"https:\/\/certyfikat.okiemmamy.pl\/krecik\/wp-content\/uploads\/2016\/07\/Marta_fb-200x300.jpg 200w, https:\/\/certyfikat.okiemmamy.pl\/krecik\/wp-content\/uploads\/2016\/07\/Marta_fb-600x902.jpg 600w, https:\/\/certyfikat.okiemmamy.pl\/krecik\/wp-content\/uploads\/2016\/07\/Marta_fb-768x1154.jpg 768w, https:\/\/certyfikat.okiemmamy.pl\/krecik\/wp-content\/uploads\/2016\/07\/Marta_fb-682x1024.jpg 682w, https:\/\/certyfikat.okiemmamy.pl\/krecik\/wp-content\/uploads\/2016\/07\/Marta_fb.jpg 800w\" sizes=\"(max-width: 200px) 100vw, 200px\" \/><\/p>\n<p><strong>Marta Korotko<\/strong><br \/>\nwww.pewnamama.pl<\/td>\n<\/tr>\n<tr>\n<td style=\"text-align: center;\"><img loading=\"lazy\" class=\"size-medium wp-image-56 aligncenter\" src=\"http:\/\/certyfikat.okiemmamy.pl\/krecik\/wp-content\/uploads\/2016\/07\/Karolina_fb-200x300.jpg\" alt=\"Karolina_fb\" width=\"200\" height=\"300\" srcset=\"https:\/\/certyfikat.okiemmamy.pl\/krecik\/wp-content\/uploads\/2016\/07\/Karolina_fb-200x300.jpg 200w, https:\/\/certyfikat.okiemmamy.pl\/krecik\/wp-content\/uploads\/2016\/07\/Karolina_fb-600x902.jpg 600w, https:\/\/certyfikat.okiemmamy.pl\/krecik\/wp-content\/uploads\/2016\/07\/Karolina_fb-768x1154.jpg 768w, https:\/\/certyfikat.okiemmamy.pl\/krecik\/wp-content\/uploads\/2016\/07\/Karolina_fb-682x1024.jpg 682w, https:\/\/certyfikat.okiemmamy.pl\/krecik\/wp-content\/uploads\/2016\/07\/Karolina_fb.jpg 800w\" sizes=\"(max-width: 200px) 100vw, 200px\" \/><\/p>\n<p><strong>Karolina Zalewska<\/strong><br \/>\nwww.mmwdoliniehipsterow.com<\/p>\n<p>&nbsp;<\/td>\n<td style=\"text-align: center;\">&nbsp;<\/p>\n<p>&nbsp;<\/td>\n<td style=\"text-align: center;\"><img loading=\"lazy\" class=\"size-medium wp-image-53 aligncenter\" src=\"http:\/\/certyfikat.okiemmamy.pl\/krecik\/wp-content\/uploads\/2016\/07\/EwaBrzozowska-226x300.png\" alt=\"EwaBrzozowska\" width=\"226\" height=\"300\" srcset=\"https:\/\/certyfikat.okiemmamy.pl\/krecik\/wp-content\/uploads\/2016\/07\/EwaBrzozowska-226x300.png 226w, https:\/\/certyfikat.okiemmamy.pl\/krecik\/wp-content\/uploads\/2016\/07\/EwaBrzozowska-600x796.png 600w, https:\/\/certyfikat.okiemmamy.pl\/krecik\/wp-content\/uploads\/2016\/07\/EwaBrzozowska.png 700w\" sizes=\"(max-width: 226px) 100vw, 226px\" \/><\/p>\n<p><strong>Ewa Brzozowska<\/strong><br \/>\nwww.brzozowska.net<\/td>\n<\/tr>\n<\/tbody>\n<\/table>\n<p>&nbsp;<\/p>\n<table>\n<tbody>\n<tr>\n<td style=\"text-align: center;\"><strong>Sponsor\u00a0<\/strong><\/td>\n<td style=\"text-align: center;\"><strong>Patron medialny\u00a0<\/strong><\/td>\n<\/tr>\n<tr>\n<td><a href=\"http:\/\/www.mojaplyta.pl\/\" target=\"_blank\"><img loading=\"lazy\" class=\"alignnone size-medium wp-image-80\" src=\"http:\/\/certyfikat.okiemmamy.pl\/krecik\/wp-content\/uploads\/2016\/07\/MOJAPLYTA_logo_z_napisem_black-300x49.png\" alt=\"MOJAPLYTA_logo_z_napisem_black\" width=\"300\" height=\"49\" srcset=\"https:\/\/certyfikat.okiemmamy.pl\/krecik\/wp-content\/uploads\/2016\/07\/MOJAPLYTA_logo_z_napisem_black-300x49.png 300w, https:\/\/certyfikat.okiemmamy.pl\/krecik\/wp-content\/uploads\/2016\/07\/MOJAPLYTA_logo_z_napisem_black-600x97.png 600w, https:\/\/certyfikat.okiemmamy.pl\/krecik\/wp-content\/uploads\/2016\/07\/MOJAPLYTA_logo_z_napisem_black-768x125.png 768w, https:\/\/certyfikat.okiemmamy.pl\/krecik\/wp-content\/uploads\/2016\/07\/MOJAPLYTA_logo_z_napisem_black-1024x166.png 1024w\" sizes=\"(max-width: 300px) 100vw, 300px\" \/><\/a><\/td>\n<td><a href=\"http:\/\/www.egaga.pl\/\" target=\"_blank\"><img loading=\"lazy\" class=\"alignnone size-medium wp-image-82\" src=\"http:\/\/certyfikat.okiemmamy.pl\/krecik\/wp-content\/uploads\/2016\/07\/gaga-300x285.png\" alt=\"gaga\" width=\"300\" height=\"285\" srcset=\"https:\/\/certyfikat.okiemmamy.pl\/krecik\/wp-content\/uploads\/2016\/07\/gaga-300x285.png 300w, https:\/\/certyfikat.okiemmamy.pl\/krecik\/wp-content\/uploads\/2016\/07\/gaga.png 305w\" sizes=\"(max-width: 300px) 100vw, 300px\" \/><\/a><\/td>\n<\/tr>\n<\/tbody>\n<\/table>\n","protected":false},"excerpt":{"rendered":"<p>Pomys\u0142 i realizacja Bajki do audiobooka s\u0105 autorskim pomys\u0142em mam blogerek, kt\u00f3re s\u0105\u00a0ambasadorkami akcji Certyfikaty OkiemMamy Miejsca Przyjazne\u00a0Rodzinie z Dzie\u0107mi.\u00a0Wsp\u00f3lnymi si\u0142ami postanowi\u0142y\u015bmy stworzy\u0107 opowie\u015b\u0107 o podr\u00f3\u017cniku\u00a0krecie Filipie i Jasiu, kt\u00f3ry nie chce i\u015b\u0107 do przedszkola.\u00a0Filip, opieraj\u0105c si\u0119 na swoim do\u015bwiadczeniu zwi\u0105zanym z podr\u00f3\u017cami,\u00a0pr\u00f3buje przekona\u0107 Jasia, \u017ce nauka czytania czy liczenia, kt\u00f3ra\u00a0rozpoczyna si\u0119 w przedszkolu jest [&hellip;]<\/p>\n","protected":false},"author":1,"featured_media":0,"parent":0,"menu_order":0,"comment_status":"closed","ping_status":"closed","template":"","meta":[],"_links":{"self":[{"href":"https:\/\/certyfikat.okiemmamy.pl\/krecik\/wp-json\/wp\/v2\/pages\/48"}],"collection":[{"href":"https:\/\/certyfikat.okiemmamy.pl\/krecik\/wp-json\/wp\/v2\/pages"}],"about":[{"href":"https:\/\/certyfikat.okiemmamy.pl\/krecik\/wp-json\/wp\/v2\/types\/page"}],"author":[{"embeddable":true,"href":"https:\/\/certyfikat.okiemmamy.pl\/krecik\/wp-json\/wp\/v2\/users\/1"}],"replies":[{"embeddable":true,"href":"https:\/\/certyfikat.okiemmamy.pl\/krecik\/wp-json\/wp\/v2\/comments?post=48"}],"version-history":[{"count":19,"href":"https:\/\/certyfikat.okiemmamy.pl\/krecik\/wp-json\/wp\/v2\/pages\/48\/revisions"}],"predecessor-version":[{"id":209,"href":"https:\/\/certyfikat.okiemmamy.pl\/krecik\/wp-json\/wp\/v2\/pages\/48\/revisions\/209"}],"wp:attachment":[{"href":"https:\/\/certyfikat.okiemmamy.pl\/krecik\/wp-json\/wp\/v2\/media?parent=48"}],"curies":[{"name":"wp","href":"https:\/\/api.w.org\/{rel}","templated":true}]}}